{"id":1258,"date":"2021-06-11T13:09:29","date_gmt":"2021-06-11T11:09:29","guid":{"rendered":"https:\/\/eleganti-bauunternehmung.ch\/?page_id=1258"},"modified":"2021-08-30T13:51:05","modified_gmt":"2021-08-30T11:51:05","slug":"anbau-erweiterung","status":"publish","type":"page","link":"https:\/\/eleganti-bauunternehmung.ch\/?page_id=1258","title":{"rendered":"ANBAU- \/ ERWEITERUNG"},"content":{"rendered":"\t\t<div data-elementor-type=\"wp-page\" data-elementor-id=\"1258\" class=\"elementor elementor-1258\" data-elementor-post-type=\"page\">\n\t\t\t\t\t\t<section class=\"elementor-section elementor-top-section elementor-element elementor-element-2c00f7c0 elementor-section-height-min-height elementor-section-items-bottom elementor-section-boxed elementor-section-height-default\" data-id=\"2c00f7c0\" data-element_type=\"section\" data-e-type=\"section\" data-settings=\"{&quot;background_background&quot;:&quot;classic&quot;}\">\n\t\t\t\t\t\t\t<div class=\"elementor-background-overlay\"><\/div>\n\t\t\t\t\t\t\t<div class=\"elementor-container elementor-column-gap-default\">\n\t\t\t\t\t<div class=\"elementor-column elementor-col-100 elementor-top-column elementor-element elementor-element-5981cf9c\" data-id=\"5981cf9c\" data-element_type=\"column\" data-e-type=\"column\">\n\t\t\t<div class=\"elementor-widget-wrap elementor-element-populated\">\n\t\t\t\t\t\t<div class=\"elementor-element elementor-element-3ccb0248 elementor-widget elementor-widget-heading\" data-id=\"3ccb0248\" data-element_type=\"widget\" data-e-type=\"widget\" data-widget_type=\"heading.default\">\n\t\t\t\t<div class=\"elementor-widget-container\">\n\t\t\t\t\t<h2 class=\"elementor-heading-title elementor-size-default\">ANBAU- \/ ERWEITERUNG<\/h2>\t\t\t\t<\/div>\n\t\t\t\t<\/div>\n\t\t\t\t\t<\/div>\n\t\t<\/div>\n\t\t\t\t\t<\/div>\n\t\t<\/section>\n\t\t\t\t<section class=\"elementor-section elementor-top-section elementor-element elementor-element-4ee9793f elementor-section-boxed elementor-section-height-default elementor-section-height-default\" data-id=\"4ee9793f\" data-element_type=\"section\" data-e-type=\"section\">\n\t\t\t\t\t\t<div class=\"elementor-container elementor-column-gap-default\">\n\t\t\t\t\t<div class=\"elementor-column elementor-col-100 elementor-top-column elementor-element elementor-element-6271b894\" data-id=\"6271b894\" data-element_type=\"column\" data-e-type=\"column\">\n\t\t\t<div class=\"elementor-widget-wrap elementor-element-populated\">\n\t\t\t\t\t\t<div class=\"elementor-element elementor-element-1ff4def5 elementor-widget elementor-widget-text-editor\" data-id=\"1ff4def5\" data-element_type=\"widget\" data-e-type=\"widget\" data-widget_type=\"text-editor.default\">\n\t\t\t\t<div class=\"elementor-widget-container\">\n\t\t\t\t\t\t\t\t\t<p>Gr\u00fcnde f\u00fcr einen nachtr\u00e4glichen Anbau oder die Erweiterung von Wohn- und Gesch\u00e4ftsimmobilien gibt es viele. Sei es, dass die Kinder mehr Platz beanspruchen oder dass berufliche Impulse f\u00fcr eine Hauserweiterung sprechen. Vielleicht soll der Traum vom eigenen Balkon endlich Wirklichkeit werden oder Sie w\u00fcnschen sich einen Fahrstuhl? Manchmal sind Umbauten an Bestandsimmobilien auch aufgrund von Gesetzes\u00e4nderungen n\u00f6tig.<br \/><br \/>Was immer Sie umtreibt: Wir nehmen Ihre Herausforderungen rund um die Themen Anbau und Erweiterung sehr gerne an!<\/p>\t\t\t\t\t\t\t\t<\/div>\n\t\t\t\t<\/div>\n\t\t\t\t\t<\/div>\n\t\t<\/div>\n\t\t\t\t\t<\/div>\n\t\t<\/section>\n\t\t\t\t<section class=\"elementor-section elementor-top-section elementor-element elementor-element-436d9399 elementor-section-boxed elementor-section-height-default elementor-section-height-default\" data-id=\"436d9399\" data-element_type=\"section\" data-e-type=\"section\" data-settings=\"{&quot;background_background&quot;:&quot;classic&quot;}\">\n\t\t\t\t\t\t\t<div class=\"elementor-background-overlay\"><\/div>\n\t\t\t\t\t\t\t<div class=\"elementor-container elementor-column-gap-default\">\n\t\t\t\t\t<div class=\"elementor-column elementor-col-100 elementor-top-column elementor-element elementor-element-60b1fb1b\" data-id=\"60b1fb1b\" data-element_type=\"column\" data-e-type=\"column\">\n\t\t\t<div class=\"elementor-widget-wrap elementor-element-populated\">\n\t\t\t\t\t\t<div class=\"elementor-element elementor-element-7a3c0468 elementor-widget elementor-widget-heading\" data-id=\"7a3c0468\" data-element_type=\"widget\" data-e-type=\"widget\" data-widget_type=\"heading.default\">\n\t\t\t\t<div class=\"elementor-widget-container\">\n\t\t\t\t\t<h2 class=\"elementor-heading-title elementor-size-default\">ELEGANTI baut mit Erfahrung, Kompetenz und Fingerspitzengef\u00fchl<\/h2>\t\t\t\t<\/div>\n\t\t\t\t<\/div>\n\t\t\t\t<div class=\"elementor-element elementor-element-1bb1ce9c elementor-widget-divider--view-line elementor-widget elementor-widget-divider\" data-id=\"1bb1ce9c\" data-element_type=\"widget\" data-e-type=\"widget\" data-widget_type=\"divider.default\">\n\t\t\t\t<div class=\"elementor-widget-container\">\n\t\t\t\t\t\t\t<div class=\"elementor-divider\">\n\t\t\t<span class=\"elementor-divider-separator\">\n\t\t\t\t\t\t<\/span>\n\t\t<\/div>\n\t\t\t\t\t\t<\/div>\n\t\t\t\t<\/div>\n\t\t\t\t<div class=\"elementor-element elementor-element-473bf8a5 elementor-widget elementor-widget-text-editor\" data-id=\"473bf8a5\" data-element_type=\"widget\" data-e-type=\"widget\" data-widget_type=\"text-editor.default\">\n\t\t\t\t<div class=\"elementor-widget-container\">\n\t\t\t\t\t\t\t\t\t<p>Eines unserer Spezialgebiete ist das \u00abBauen im Bestand\u00bb. Dies stellt unsere Bauunternehmung immer wieder vor viele Herausforderungen, da jahrelange Erfahrung in verschiedenen Handwerksdisziplinen erforderlich sind. Aus diesem Grund arbeiten bei uns Handwerker, die \u00fcber Spezialkenntnisse verf\u00fcgen, welche weit \u00fcber die im Neubaubereich geforderten hinausgehen. Dies betrifft fundierte Kenntnisse bez\u00fcglich vergangener Bauepochen ebenso wie verschiedenste Bautechniken.<\/p>\t\t\t\t\t\t\t\t<\/div>\n\t\t\t\t<\/div>\n\t\t\t\t<div class=\"elementor-element elementor-element-58fab937 elementor-widget elementor-widget-heading\" data-id=\"58fab937\" data-element_type=\"widget\" data-e-type=\"widget\" data-widget_type=\"heading.default\">\n\t\t\t\t<div class=\"elementor-widget-container\">\n\t\t\t\t\t<h2 class=\"elementor-heading-title elementor-size-default\">Wie viel kostet ein Anbau oder eine Erweiterung?<\/h2>\t\t\t\t<\/div>\n\t\t\t\t<\/div>\n\t\t\t\t<div class=\"elementor-element elementor-element-2215294c elementor-widget-divider--view-line elementor-widget elementor-widget-divider\" data-id=\"2215294c\" data-element_type=\"widget\" data-e-type=\"widget\" data-widget_type=\"divider.default\">\n\t\t\t\t<div class=\"elementor-widget-container\">\n\t\t\t\t\t\t\t<div class=\"elementor-divider\">\n\t\t\t<span class=\"elementor-divider-separator\">\n\t\t\t\t\t\t<\/span>\n\t\t<\/div>\n\t\t\t\t\t\t<\/div>\n\t\t\t\t<\/div>\n\t\t\t\t<div class=\"elementor-element elementor-element-4bc52119 elementor-widget elementor-widget-text-editor\" data-id=\"4bc52119\" data-element_type=\"widget\" data-e-type=\"widget\" data-widget_type=\"text-editor.default\">\n\t\t\t\t<div class=\"elementor-widget-container\">\n\t\t\t\t\t\t\t\t\t<p>Die Kosten f\u00fcr die Arbeiten h\u00e4ngen von folgenden Faktoren ab:<\/p><ul><li>Sind auf Ihrem Grundst\u00fcck Erdarbeiten erforderlich?<\/li><li>Brauchen Sie eine Bodenplatte mit oder ohne Keller?<\/li><li>Eine wichtige Kostengr\u00f6\u00dfe ist die Quadratmeterzahl des Anbaus.<\/li><li>Soll die Erweiterung gemauert sein oder aus Fertigteilen bestehen?<\/li><li>W\u00e4rmed\u00e4mmung ja oder nein?<\/li><li>Muss f\u00fcr eine vern\u00fcnftige W\u00e4rmeversorgung des Anbaus die Heizungsanlage vergr\u00f6\u00dfert werden?<\/li><li>Wie viele neue Rohre, Kabel, Sanit\u00e4rinstallationen etc. sind erforderlich?<\/li><li>Wie viele und welche T\u00fcren und Fenster w\u00fcnschen Sie sich f\u00fcr Ihren Anbau?<\/li><li>Wie soll die Dachkonstruktion aussehen und mit welchem Material soll das neue Dach gedeckt sein?<\/li><li>Treppenaufgang innen oder au\u00dfen?<\/li><li>Aus welchem Material soll die Au\u00dfenfassade bestehen: Geputzt, gestrichen, Platten oder Klinker?<\/li><li>Wie aufwendig ist der Innenausbau?<\/li><\/ul><p>Als Generalunternehmung \u00fcbernehmen wir von der ersten Pr\u00fcfung der Bestandssubstanz \u00fcber die Auswahl der optimalen Arbeitsverfahren bis hin zur termingerechten Fertigstellung s\u00e4mtliche Projektschritte z\u00fcgig, g\u00fcnstig und sicher. W\u00e4hrend des gesamten Bauprojekts stellt Ihnen die ELEGANTI Bauunternehmung AG einen pers\u00f6nlichen Ansprechpartner. Dies erspart Ihnen wertvolle Zeit und Nerven.<\/p>\t\t\t\t\t\t\t\t<\/div>\n\t\t\t\t<\/div>\n\t\t\t\t\t<\/div>\n\t\t<\/div>\n\t\t\t\t\t<\/div>\n\t\t<\/section>\n\t\t\t\t<section class=\"elementor-section elementor-top-section elementor-element elementor-element-5fcb1238 elementor-section-full_width elementor-section-height-default elementor-section-height-default\" data-id=\"5fcb1238\" data-element_type=\"section\" data-e-type=\"section\">\n\t\t\t\t\t\t<div class=\"elementor-container elementor-column-gap-no\">\n\t\t\t\t\t<div class=\"elementor-column elementor-col-33 elementor-top-column elementor-element elementor-element-3813d39\" data-id=\"3813d39\" data-element_type=\"column\" data-e-type=\"column\">\n\t\t\t<div class=\"elementor-widget-wrap elementor-element-populated\">\n\t\t\t\t\t\t<div class=\"elementor-element elementor-element-7d1c9c0f elementor-widget elementor-widget-image\" data-id=\"7d1c9c0f\" data-element_type=\"widget\" data-e-type=\"widget\" data-widget_type=\"image.default\">\n\t\t\t\t<div class=\"elementor-widget-container\">\n\t\t\t\t\t\t\t\t\t\t\t\t\t\t\t<img fetchpriority=\"high\" decoding=\"async\" width=\"900\" height=\"601\" src=\"https:\/\/eleganti-bauunternehmung.ch\/wp-content\/uploads\/2021\/06\/eleganti-ANBAU-ERWEITERUNG_3.jpg\" class=\"attachment-large size-large wp-image-2325\" alt=\"\" srcset=\"https:\/\/eleganti-bauunternehmung.ch\/wp-content\/uploads\/2021\/06\/eleganti-ANBAU-ERWEITERUNG_3.jpg 900w, https:\/\/eleganti-bauunternehmung.ch\/wp-content\/uploads\/2021\/06\/eleganti-ANBAU-ERWEITERUNG_3-600x400.jpg 600w, https:\/\/eleganti-bauunternehmung.ch\/wp-content\/uploads\/2021\/06\/eleganti-ANBAU-ERWEITERUNG_3-768x513.jpg 768w\" sizes=\"(max-width: 900px) 100vw, 900px\" \/>\t\t\t\t\t\t\t\t\t\t\t\t\t\t\t<\/div>\n\t\t\t\t<\/div>\n\t\t\t\t\t<\/div>\n\t\t<\/div>\n\t\t\t\t<div class=\"elementor-column elementor-col-33 elementor-top-column elementor-element elementor-element-78c7cd1d\" data-id=\"78c7cd1d\" data-element_type=\"column\" data-e-type=\"column\">\n\t\t\t<div class=\"elementor-widget-wrap elementor-element-populated\">\n\t\t\t\t\t\t<div class=\"elementor-element elementor-element-1ef55048 elementor-widget elementor-widget-image\" data-id=\"1ef55048\" data-element_type=\"widget\" data-e-type=\"widget\" data-widget_type=\"image.default\">\n\t\t\t\t<div class=\"elementor-widget-container\">\n\t\t\t\t\t\t\t\t\t\t\t\t\t\t\t<img decoding=\"async\" width=\"900\" height=\"601\" src=\"https:\/\/eleganti-bauunternehmung.ch\/wp-content\/uploads\/2021\/06\/eleganti-ANBAU-ERWEITERUNG_2.jpg\" class=\"attachment-large size-large wp-image-2326\" alt=\"\" srcset=\"https:\/\/eleganti-bauunternehmung.ch\/wp-content\/uploads\/2021\/06\/eleganti-ANBAU-ERWEITERUNG_2.jpg 900w, https:\/\/eleganti-bauunternehmung.ch\/wp-content\/uploads\/2021\/06\/eleganti-ANBAU-ERWEITERUNG_2-600x400.jpg 600w, https:\/\/eleganti-bauunternehmung.ch\/wp-content\/uploads\/2021\/06\/eleganti-ANBAU-ERWEITERUNG_2-768x513.jpg 768w\" sizes=\"(max-width: 900px) 100vw, 900px\" \/>\t\t\t\t\t\t\t\t\t\t\t\t\t\t\t<\/div>\n\t\t\t\t<\/div>\n\t\t\t\t\t<\/div>\n\t\t<\/div>\n\t\t\t\t<div class=\"elementor-column elementor-col-33 elementor-top-column elementor-element elementor-element-5ef08bc8\" data-id=\"5ef08bc8\" data-element_type=\"column\" data-e-type=\"column\">\n\t\t\t<div class=\"elementor-widget-wrap elementor-element-populated\">\n\t\t\t\t\t\t<div class=\"elementor-element elementor-element-8e3954e elementor-widget elementor-widget-image\" data-id=\"8e3954e\" data-element_type=\"widget\" data-e-type=\"widget\" data-widget_type=\"image.default\">\n\t\t\t\t<div class=\"elementor-widget-container\">\n\t\t\t\t\t\t\t\t\t\t\t\t\t\t\t<img decoding=\"async\" width=\"900\" height=\"601\" src=\"https:\/\/eleganti-bauunternehmung.ch\/wp-content\/uploads\/2021\/06\/eleganti-ANBAU-ERWEITERUNG_1.jpg\" class=\"attachment-large size-large wp-image-2327\" alt=\"\" srcset=\"https:\/\/eleganti-bauunternehmung.ch\/wp-content\/uploads\/2021\/06\/eleganti-ANBAU-ERWEITERUNG_1.jpg 900w, https:\/\/eleganti-bauunternehmung.ch\/wp-content\/uploads\/2021\/06\/eleganti-ANBAU-ERWEITERUNG_1-600x400.jpg 600w, https:\/\/eleganti-bauunternehmung.ch\/wp-content\/uploads\/2021\/06\/eleganti-ANBAU-ERWEITERUNG_1-768x513.jpg 768w\" sizes=\"(max-width: 900px) 100vw, 900px\" \/>\t\t\t\t\t\t\t\t\t\t\t\t\t\t\t<\/div>\n\t\t\t\t<\/div>\n\t\t\t\t\t<\/div>\n\t\t<\/div>\n\t\t\t\t\t<\/div>\n\t\t<\/section>\n\t\t\t\t<section class=\"elementor-section elementor-top-section elementor-element elementor-element-14f6594 elementor-section-boxed elementor-section-height-default elementor-section-height-default\" data-id=\"14f6594\" data-element_type=\"section\" data-e-type=\"section\" data-settings=\"{&quot;background_background&quot;:&quot;classic&quot;}\">\n\t\t\t\t\t\t\t<div class=\"elementor-background-overlay\"><\/div>\n\t\t\t\t\t\t\t<div class=\"elementor-container elementor-column-gap-default\">\n\t\t\t\t\t<div class=\"elementor-column elementor-col-100 elementor-top-column elementor-element elementor-element-437678eb\" data-id=\"437678eb\" data-element_type=\"column\" data-e-type=\"column\">\n\t\t\t<div class=\"elementor-widget-wrap elementor-element-populated\">\n\t\t\t\t\t\t<div class=\"elementor-element elementor-element-5d127721 elementor-widget elementor-widget-heading\" data-id=\"5d127721\" data-element_type=\"widget\" data-e-type=\"widget\" data-widget_type=\"heading.default\">\n\t\t\t\t<div class=\"elementor-widget-container\">\n\t\t\t\t\t<h2 class=\"elementor-heading-title elementor-size-default\">Geb\u00fcndelte Kompetenz rund ums Anbauen und Erweitern<\/h2>\t\t\t\t<\/div>\n\t\t\t\t<\/div>\n\t\t\t\t<div class=\"elementor-element elementor-element-6f82301 elementor-widget-divider--view-line elementor-widget elementor-widget-divider\" data-id=\"6f82301\" data-element_type=\"widget\" data-e-type=\"widget\" data-widget_type=\"divider.default\">\n\t\t\t\t<div class=\"elementor-widget-container\">\n\t\t\t\t\t\t\t<div class=\"elementor-divider\">\n\t\t\t<span class=\"elementor-divider-separator\">\n\t\t\t\t\t\t<\/span>\n\t\t<\/div>\n\t\t\t\t\t\t<\/div>\n\t\t\t\t<\/div>\n\t\t\t\t<div class=\"elementor-element elementor-element-6383266a elementor-widget elementor-widget-text-editor\" data-id=\"6383266a\" data-element_type=\"widget\" data-e-type=\"widget\" data-widget_type=\"text-editor.default\">\n\t\t\t\t<div class=\"elementor-widget-container\">\n\t\t\t\t\t\t\t\t\t<p>Bestens ausgebildete, eingespielte Teams sind der sicherste Plan f\u00fcr Ihren An- und Ausbau. Dank kluger Strukturen und flacher Hierarchien agieren unsere Fachleute zu jeder Zeit kundenorientiert und flexibel. Wir erf\u00fcllen nahezu jeden Terminwunsch und hinterlassen unsere Baustellen ordentlich und sauber.<br \/><br \/>Machen Sie den Test! Jede Anfrage lohnt sich!<\/p>\t\t\t\t\t\t\t\t<\/div>\n\t\t\t\t<\/div>\n\t\t\t\t\t<\/div>\n\t\t<\/div>\n\t\t\t\t\t<\/div>\n\t\t<\/section>\n\t\t\t\t<\/div>\n\t\t","protected":false},"excerpt":{"rendered":"<p>ANBAU- \/ ERWEITERUNG Gr\u00fcnde f\u00fcr einen nachtr\u00e4glichen Anbau oder die Erweiterung von Wohn- und Gesch\u00e4ftsimmobilien gibt es viele. Sei es, dass die Kinder mehr Platz beanspruchen oder dass berufliche Impulse&#8230;<\/p>\n","protected":false},"author":7,"featured_media":0,"parent":0,"menu_order":3,"comment_status":"closed","ping_status":"closed","template":"elementor_header_footer","meta":{"inline_featured_image":false,"footnotes":""},"class_list":["post-1258","page","type-page","status-publish"],"yoast_head":"<!-- This site is optimized with the Yoast SEO plugin v27.5 - https:\/\/yoast.com\/product\/yoast-seo-wordpress\/ -->\n<title>ANBAU- \/ ERWEITERUNG - Die Luzerner Bauunternehmung AG<\/title>\n<meta name=\"description\" content=\"ANBAU- \/ ERWEITERUNG; Gr\u00fcnde f\u00fcr einen nachtr\u00e4glichen Anbau oder die Erweiterung von Wohn- und Gesch\u00e4ftsimmobilien gibt es viele. Sei es, ...\" \/>\n<meta name=\"robots\" content=\"index, follow, max-snippet:-1, max-image-preview:large, max-video-preview:-1\" \/>\n<link rel=\"canonical\" href=\"https:\/\/eleganti-bauunternehmung.ch\/?page_id=1258\" \/>\n<meta property=\"og:locale\" content=\"de_DE\" \/>\n<meta property=\"og:type\" content=\"article\" \/>\n<meta property=\"og:title\" content=\"ANBAU- \/ ERWEITERUNG - Die Luzerner Bauunternehmung AG\" \/>\n<meta property=\"og:description\" content=\"ANBAU- \/ ERWEITERUNG; Gr\u00fcnde f\u00fcr einen nachtr\u00e4glichen Anbau oder die Erweiterung von Wohn- und Gesch\u00e4ftsimmobilien gibt es viele. Sei es, ...\" \/>\n<meta property=\"og:url\" content=\"https:\/\/eleganti-bauunternehmung.ch\/?page_id=1258\" \/>\n<meta property=\"og:site_name\" content=\"ELEGANTI Bauunternehmung AG\" \/>\n<meta property=\"article:modified_time\" content=\"2021-08-30T11:51:05+00:00\" \/>\n<meta property=\"og:image\" content=\"https:\/\/eleganti-bauunternehmung.ch\/wp-content\/uploads\/2021\/06\/eleganti-ANBAU-ERWEITERUNG_3.jpg\" \/>\n<meta name=\"twitter:card\" content=\"summary_large_image\" \/>\n<meta name=\"twitter:label1\" content=\"Gesch\u00e4tzte Lesezeit\" \/>\n\t<meta name=\"twitter:data1\" content=\"3\u00a0Minuten\" \/>\n<script type=\"application\/ld+json\" class=\"yoast-schema-graph\">{\"@context\":\"https:\\\/\\\/schema.org\",\"@graph\":[{\"@type\":\"WebPage\",\"@id\":\"https:\\\/\\\/eleganti-bauunternehmung.ch\\\/?page_id=1258\",\"url\":\"https:\\\/\\\/eleganti-bauunternehmung.ch\\\/?page_id=1258\",\"name\":\"ANBAU- \\\/ ERWEITERUNG - Die Luzerner Bauunternehmung AG\",\"isPartOf\":{\"@id\":\"https:\\\/\\\/eleganti-bauunternehmung.ch\\\/#website\"},\"primaryImageOfPage\":{\"@id\":\"https:\\\/\\\/eleganti-bauunternehmung.ch\\\/?page_id=1258#primaryimage\"},\"image\":{\"@id\":\"https:\\\/\\\/eleganti-bauunternehmung.ch\\\/?page_id=1258#primaryimage\"},\"thumbnailUrl\":\"https:\\\/\\\/eleganti-bauunternehmung.ch\\\/wp-content\\\/uploads\\\/2021\\\/06\\\/eleganti-ANBAU-ERWEITERUNG_3.jpg\",\"datePublished\":\"2021-06-11T11:09:29+00:00\",\"dateModified\":\"2021-08-30T11:51:05+00:00\",\"description\":\"ANBAU- \\\/ ERWEITERUNG; Gr\u00fcnde f\u00fcr einen nachtr\u00e4glichen Anbau oder die Erweiterung von Wohn- und Gesch\u00e4ftsimmobilien gibt es viele. Sei es, ...\",\"breadcrumb\":{\"@id\":\"https:\\\/\\\/eleganti-bauunternehmung.ch\\\/?page_id=1258#breadcrumb\"},\"inLanguage\":\"de\",\"potentialAction\":[{\"@type\":\"ReadAction\",\"target\":[\"https:\\\/\\\/eleganti-bauunternehmung.ch\\\/?page_id=1258\"]}]},{\"@type\":\"ImageObject\",\"inLanguage\":\"de\",\"@id\":\"https:\\\/\\\/eleganti-bauunternehmung.ch\\\/?page_id=1258#primaryimage\",\"url\":\"https:\\\/\\\/eleganti-bauunternehmung.ch\\\/wp-content\\\/uploads\\\/2021\\\/06\\\/eleganti-ANBAU-ERWEITERUNG_3.jpg\",\"contentUrl\":\"https:\\\/\\\/eleganti-bauunternehmung.ch\\\/wp-content\\\/uploads\\\/2021\\\/06\\\/eleganti-ANBAU-ERWEITERUNG_3.jpg\",\"width\":900,\"height\":601},{\"@type\":\"BreadcrumbList\",\"@id\":\"https:\\\/\\\/eleganti-bauunternehmung.ch\\\/?page_id=1258#breadcrumb\",\"itemListElement\":[{\"@type\":\"ListItem\",\"position\":1,\"name\":\"Startseite\",\"item\":\"https:\\\/\\\/eleganti-bauunternehmung.ch\\\/\"},{\"@type\":\"ListItem\",\"position\":2,\"name\":\"ANBAU- \\\/ ERWEITERUNG\"}]},{\"@type\":\"WebSite\",\"@id\":\"https:\\\/\\\/eleganti-bauunternehmung.ch\\\/#website\",\"url\":\"https:\\\/\\\/eleganti-bauunternehmung.ch\\\/\",\"name\":\"ELEGANTI Bauunternehmung AG\",\"description\":\"www.eleganti-bauunternehmung.ch\",\"publisher\":{\"@id\":\"https:\\\/\\\/eleganti-bauunternehmung.ch\\\/#organization\"},\"potentialAction\":[{\"@type\":\"SearchAction\",\"target\":{\"@type\":\"EntryPoint\",\"urlTemplate\":\"https:\\\/\\\/eleganti-bauunternehmung.ch\\\/?s={search_term_string}\"},\"query-input\":{\"@type\":\"PropertyValueSpecification\",\"valueRequired\":true,\"valueName\":\"search_term_string\"}}],\"inLanguage\":\"de\"},{\"@type\":\"Organization\",\"@id\":\"https:\\\/\\\/eleganti-bauunternehmung.ch\\\/#organization\",\"name\":\"Webseite Name\",\"url\":\"https:\\\/\\\/eleganti-bauunternehmung.ch\\\/\",\"logo\":{\"@type\":\"ImageObject\",\"inLanguage\":\"de\",\"@id\":\"https:\\\/\\\/eleganti-bauunternehmung.ch\\\/#\\\/schema\\\/logo\\\/image\\\/\",\"url\":\"\",\"contentUrl\":\"\",\"caption\":\"Webseite Name\"},\"image\":{\"@id\":\"https:\\\/\\\/eleganti-bauunternehmung.ch\\\/#\\\/schema\\\/logo\\\/image\\\/\"}}]}<\/script>\n<!-- \/ Yoast SEO plugin. -->","yoast_head_json":{"title":"ANBAU- \/ ERWEITERUNG - Die Luzerner Bauunternehmung AG","description":"ANBAU- \/ ERWEITERUNG; Gr\u00fcnde f\u00fcr einen nachtr\u00e4glichen Anbau oder die Erweiterung von Wohn- und Gesch\u00e4ftsimmobilien gibt es viele. Sei es, ...","robots":{"index":"index","follow":"follow","max-snippet":"max-snippet:-1","max-image-preview":"max-image-preview:large","max-video-preview":"max-video-preview:-1"},"canonical":"https:\/\/eleganti-bauunternehmung.ch\/?page_id=1258","og_locale":"de_DE","og_type":"article","og_title":"ANBAU- \/ ERWEITERUNG - Die Luzerner Bauunternehmung AG","og_description":"ANBAU- \/ ERWEITERUNG; Gr\u00fcnde f\u00fcr einen nachtr\u00e4glichen Anbau oder die Erweiterung von Wohn- und Gesch\u00e4ftsimmobilien gibt es viele. Sei es, ...","og_url":"https:\/\/eleganti-bauunternehmung.ch\/?page_id=1258","og_site_name":"ELEGANTI Bauunternehmung AG","article_modified_time":"2021-08-30T11:51:05+00:00","og_image":[{"url":"https:\/\/eleganti-bauunternehmung.ch\/wp-content\/uploads\/2021\/06\/eleganti-ANBAU-ERWEITERUNG_3.jpg","type":"","width":"","height":""}],"twitter_card":"summary_large_image","twitter_misc":{"Gesch\u00e4tzte Lesezeit":"3\u00a0Minuten"},"schema":{"@context":"https:\/\/schema.org","@graph":[{"@type":"WebPage","@id":"https:\/\/eleganti-bauunternehmung.ch\/?page_id=1258","url":"https:\/\/eleganti-bauunternehmung.ch\/?page_id=1258","name":"ANBAU- \/ ERWEITERUNG - Die Luzerner Bauunternehmung AG","isPartOf":{"@id":"https:\/\/eleganti-bauunternehmung.ch\/#website"},"primaryImageOfPage":{"@id":"https:\/\/eleganti-bauunternehmung.ch\/?page_id=1258#primaryimage"},"image":{"@id":"https:\/\/eleganti-bauunternehmung.ch\/?page_id=1258#primaryimage"},"thumbnailUrl":"https:\/\/eleganti-bauunternehmung.ch\/wp-content\/uploads\/2021\/06\/eleganti-ANBAU-ERWEITERUNG_3.jpg","datePublished":"2021-06-11T11:09:29+00:00","dateModified":"2021-08-30T11:51:05+00:00","description":"ANBAU- \/ ERWEITERUNG; Gr\u00fcnde f\u00fcr einen nachtr\u00e4glichen Anbau oder die Erweiterung von Wohn- und Gesch\u00e4ftsimmobilien gibt es viele. Sei es, ...","breadcrumb":{"@id":"https:\/\/eleganti-bauunternehmung.ch\/?page_id=1258#breadcrumb"},"inLanguage":"de","potentialAction":[{"@type":"ReadAction","target":["https:\/\/eleganti-bauunternehmung.ch\/?page_id=1258"]}]},{"@type":"ImageObject","inLanguage":"de","@id":"https:\/\/eleganti-bauunternehmung.ch\/?page_id=1258#primaryimage","url":"https:\/\/eleganti-bauunternehmung.ch\/wp-content\/uploads\/2021\/06\/eleganti-ANBAU-ERWEITERUNG_3.jpg","contentUrl":"https:\/\/eleganti-bauunternehmung.ch\/wp-content\/uploads\/2021\/06\/eleganti-ANBAU-ERWEITERUNG_3.jpg","width":900,"height":601},{"@type":"BreadcrumbList","@id":"https:\/\/eleganti-bauunternehmung.ch\/?page_id=1258#breadcrumb","itemListElement":[{"@type":"ListItem","position":1,"name":"Startseite","item":"https:\/\/eleganti-bauunternehmung.ch\/"},{"@type":"ListItem","position":2,"name":"ANBAU- \/ ERWEITERUNG"}]},{"@type":"WebSite","@id":"https:\/\/eleganti-bauunternehmung.ch\/#website","url":"https:\/\/eleganti-bauunternehmung.ch\/","name":"ELEGANTI Bauunternehmung AG","description":"www.eleganti-bauunternehmung.ch","publisher":{"@id":"https:\/\/eleganti-bauunternehmung.ch\/#organization"},"potentialAction":[{"@type":"SearchAction","target":{"@type":"EntryPoint","urlTemplate":"https:\/\/eleganti-bauunternehmung.ch\/?s={search_term_string}"},"query-input":{"@type":"PropertyValueSpecification","valueRequired":true,"valueName":"search_term_string"}}],"inLanguage":"de"},{"@type":"Organization","@id":"https:\/\/eleganti-bauunternehmung.ch\/#organization","name":"Webseite Name","url":"https:\/\/eleganti-bauunternehmung.ch\/","logo":{"@type":"ImageObject","inLanguage":"de","@id":"https:\/\/eleganti-bauunternehmung.ch\/#\/schema\/logo\/image\/","url":"","contentUrl":"","caption":"Webseite Name"},"image":{"@id":"https:\/\/eleganti-bauunternehmung.ch\/#\/schema\/logo\/image\/"}}]}},"_links":{"self":[{"href":"https:\/\/eleganti-bauunternehmung.ch\/index.php?rest_route=\/wp\/v2\/pages\/1258","targetHints":{"allow":["GET"]}}],"collection":[{"href":"https:\/\/eleganti-bauunternehmung.ch\/index.php?rest_route=\/wp\/v2\/pages"}],"about":[{"href":"https:\/\/eleganti-bauunternehmung.ch\/index.php?rest_route=\/wp\/v2\/types\/page"}],"author":[{"embeddable":true,"href":"https:\/\/eleganti-bauunternehmung.ch\/index.php?rest_route=\/wp\/v2\/users\/7"}],"replies":[{"embeddable":true,"href":"https:\/\/eleganti-bauunternehmung.ch\/index.php?rest_route=%2Fwp%2Fv2%2Fcomments&post=1258"}],"version-history":[{"count":3,"href":"https:\/\/eleganti-bauunternehmung.ch\/index.php?rest_route=\/wp\/v2\/pages\/1258\/revisions"}],"predecessor-version":[{"id":2928,"href":"https:\/\/eleganti-bauunternehmung.ch\/index.php?rest_route=\/wp\/v2\/pages\/1258\/revisions\/2928"}],"wp:attachment":[{"href":"https:\/\/eleganti-bauunternehmung.ch\/index.php?rest_route=%2Fwp%2Fv2%2Fmedia&parent=1258"}],"curies":[{"name":"wp","href":"https:\/\/api.w.org\/{rel}","templated":true}]}}