{"id":1269,"date":"2021-06-11T13:11:52","date_gmt":"2021-06-11T11:11:52","guid":{"rendered":"https:\/\/eleganti-bauunternehmung.ch\/?page_id=1269"},"modified":"2021-08-30T13:59:15","modified_gmt":"2021-08-30T11:59:15","slug":"garagen-und-unterstaende","status":"publish","type":"page","link":"https:\/\/eleganti-bauunternehmung.ch\/?page_id=1269","title":{"rendered":"GARAGEN &#8211; UND UNTERST\u00c4NDE"},"content":{"rendered":"\t\t<div data-elementor-type=\"wp-page\" data-elementor-id=\"1269\" class=\"elementor elementor-1269\" data-elementor-post-type=\"page\">\n\t\t\t\t\t\t<section class=\"elementor-section elementor-top-section elementor-element elementor-element-19a61775 elementor-section-height-min-height elementor-section-items-bottom elementor-section-boxed elementor-section-height-default\" data-id=\"19a61775\" data-element_type=\"section\" data-e-type=\"section\" data-settings=\"{&quot;background_background&quot;:&quot;classic&quot;}\">\n\t\t\t\t\t\t\t<div class=\"elementor-background-overlay\"><\/div>\n\t\t\t\t\t\t\t<div class=\"elementor-container elementor-column-gap-default\">\n\t\t\t\t\t<div class=\"elementor-column elementor-col-100 elementor-top-column elementor-element elementor-element-5cba2697\" data-id=\"5cba2697\" data-element_type=\"column\" data-e-type=\"column\">\n\t\t\t<div class=\"elementor-widget-wrap elementor-element-populated\">\n\t\t\t\t\t\t<div class=\"elementor-element elementor-element-6fee2df0 elementor-widget elementor-widget-heading\" data-id=\"6fee2df0\" data-element_type=\"widget\" data-e-type=\"widget\" data-widget_type=\"heading.default\">\n\t\t\t\t<div class=\"elementor-widget-container\">\n\t\t\t\t\t<h2 class=\"elementor-heading-title elementor-size-default\">GARAGEN - UND UNTERST\u00c4NDE<\/h2>\t\t\t\t<\/div>\n\t\t\t\t<\/div>\n\t\t\t\t\t<\/div>\n\t\t<\/div>\n\t\t\t\t\t<\/div>\n\t\t<\/section>\n\t\t\t\t<section class=\"elementor-section elementor-top-section elementor-element elementor-element-52524d12 elementor-section-boxed elementor-section-height-default elementor-section-height-default\" data-id=\"52524d12\" data-element_type=\"section\" data-e-type=\"section\">\n\t\t\t\t\t\t<div class=\"elementor-container elementor-column-gap-default\">\n\t\t\t\t\t<div class=\"elementor-column elementor-col-100 elementor-top-column elementor-element elementor-element-323d471e\" data-id=\"323d471e\" data-element_type=\"column\" data-e-type=\"column\">\n\t\t\t<div class=\"elementor-widget-wrap elementor-element-populated\">\n\t\t\t\t\t\t<div class=\"elementor-element elementor-element-ed0ad72 elementor-widget elementor-widget-text-editor\" data-id=\"ed0ad72\" data-element_type=\"widget\" data-e-type=\"widget\" data-widget_type=\"text-editor.default\">\n\t\t\t\t<div class=\"elementor-widget-container\">\n\t\t\t\t\t\t\t\t\t<p>Sie ben\u00f6tigen eine Garage f\u00fcr Ihr privates Haus oder haben ein gr\u00f6sseres Grundst\u00fcck, das Sie mit mehreren Garagen und Unterst\u00e4nden bebauen m\u00f6chten, um die Nachfrage nach soliden Mietgaragen erf\u00fcllen zu k\u00f6nnen? Dann sind Sie bei der ELEGANTI Bauunternehmung AG Luzern goldrichtig! Wir planen und errichten f\u00fcr Sie Garagen und Unterst\u00e4nde in jeder gew\u00fcnschten Gr\u00f6sse und Anzahl, wobei den Ausstattungen kaum Grenzen gesetzt sind. Ob massiv oder aus Fertigbauteilen, einzeln, doppelt oder Grossgarage f\u00fcr Nutzfahrzeuge: ELEGANTI baut f\u00fcr Sie!<\/p>\t\t\t\t\t\t\t\t<\/div>\n\t\t\t\t<\/div>\n\t\t\t\t\t<\/div>\n\t\t<\/div>\n\t\t\t\t\t<\/div>\n\t\t<\/section>\n\t\t\t\t<section class=\"elementor-section elementor-top-section elementor-element elementor-element-1d38f1f4 elementor-section-boxed elementor-section-height-default elementor-section-height-default\" data-id=\"1d38f1f4\" data-element_type=\"section\" data-e-type=\"section\" data-settings=\"{&quot;background_background&quot;:&quot;classic&quot;}\">\n\t\t\t\t\t\t\t<div class=\"elementor-background-overlay\"><\/div>\n\t\t\t\t\t\t\t<div class=\"elementor-container elementor-column-gap-default\">\n\t\t\t\t\t<div class=\"elementor-column elementor-col-100 elementor-top-column elementor-element elementor-element-6f30f0e6\" data-id=\"6f30f0e6\" data-element_type=\"column\" data-e-type=\"column\">\n\t\t\t<div class=\"elementor-widget-wrap elementor-element-populated\">\n\t\t\t\t\t\t<div class=\"elementor-element elementor-element-13aa1b63 elementor-widget elementor-widget-heading\" data-id=\"13aa1b63\" data-element_type=\"widget\" data-e-type=\"widget\" data-widget_type=\"heading.default\">\n\t\t\t\t<div class=\"elementor-widget-container\">\n\t\t\t\t\t<h2 class=\"elementor-heading-title elementor-size-default\">Frei stehende Garagen, Garagenkomplexe, Anbauten und Unterst\u00e4nde aus einer Hand<\/h2>\t\t\t\t<\/div>\n\t\t\t\t<\/div>\n\t\t\t\t<div class=\"elementor-element elementor-element-6de02432 elementor-widget-divider--view-line elementor-widget elementor-widget-divider\" data-id=\"6de02432\" data-element_type=\"widget\" data-e-type=\"widget\" data-widget_type=\"divider.default\">\n\t\t\t\t<div class=\"elementor-widget-container\">\n\t\t\t\t\t\t\t<div class=\"elementor-divider\">\n\t\t\t<span class=\"elementor-divider-separator\">\n\t\t\t\t\t\t<\/span>\n\t\t<\/div>\n\t\t\t\t\t\t<\/div>\n\t\t\t\t<\/div>\n\t\t\t\t<div class=\"elementor-element elementor-element-36520871 elementor-widget elementor-widget-text-editor\" data-id=\"36520871\" data-element_type=\"widget\" data-e-type=\"widget\" data-widget_type=\"text-editor.default\">\n\t\t\t\t<div class=\"elementor-widget-container\">\n\t\t\t\t\t\t\t\t\t<p>Als Auftraggeber bestimmen Sie, wie viele Fahrzeuge und welche ansonsten wichtigen Dinge in der Garage unterzubringen sind. Alles Weitere besprechen Sie mit Ihrem Ansprechpartner der ELEGANTI Bauunternehmung AG. Er kennt sich mit wirtschaftlichen Konstruktionen, Baubewilligungen und Grenzabst\u00e4nden bestens aus, ber\u00e4t und begleitet Sie von der ersten Idee \u00fcber die Baueingabe bis hin zur schl\u00fcsselfertigen \u00dcbergabe zuverl\u00e4ssig und kompetent.<\/p>\t\t\t\t\t\t\t\t<\/div>\n\t\t\t\t<\/div>\n\t\t\t\t<div class=\"elementor-element elementor-element-2f4eafa8 elementor-widget elementor-widget-heading\" data-id=\"2f4eafa8\" data-element_type=\"widget\" data-e-type=\"widget\" data-widget_type=\"heading.default\">\n\t\t\t\t<div class=\"elementor-widget-container\">\n\t\t\t\t\t<h2 class=\"elementor-heading-title elementor-size-default\">Wir bauen f\u00fcr Sie:<\/h2>\t\t\t\t<\/div>\n\t\t\t\t<\/div>\n\t\t\t\t<div class=\"elementor-element elementor-element-78db524e elementor-widget-divider--view-line elementor-widget elementor-widget-divider\" data-id=\"78db524e\" data-element_type=\"widget\" data-e-type=\"widget\" data-widget_type=\"divider.default\">\n\t\t\t\t<div class=\"elementor-widget-container\">\n\t\t\t\t\t\t\t<div class=\"elementor-divider\">\n\t\t\t<span class=\"elementor-divider-separator\">\n\t\t\t\t\t\t<\/span>\n\t\t<\/div>\n\t\t\t\t\t\t<\/div>\n\t\t\t\t<\/div>\n\t\t\t\t<div class=\"elementor-element elementor-element-5cb0bc63 elementor-widget elementor-widget-text-editor\" data-id=\"5cb0bc63\" data-element_type=\"widget\" data-e-type=\"widget\" data-widget_type=\"text-editor.default\">\n\t\t\t\t<div class=\"elementor-widget-container\">\n\t\t\t\t\t\t\t\t\t<ul><li>frei stehende Garagen<\/li><li>Garagen und Unterst\u00e4nde an Bestandsbauten angebaut<\/li><li>Einzelgaragen, Doppelgaragen, Garagenanlagen<\/li><li>Mit manuellen, elektrischen und smarten Garagentoren verschiedenster Bauweisen ausgestattete Garagen.<\/li><li>Garagen mit T\u00fcren, Fenstern, Heizungen, Be- und Entl\u00fcftung, Elektro- und Wasseranschl\u00fcssen<\/li><li>Sattel-, Walm-,Pult- und Flachd\u00e4cher, begr\u00fcnte D\u00e4cher und Terrassen auf der Garage<\/li><li>individuelle Garagen aus Mauerwerk und Beton<\/li><li>Fundamente f\u00fcr Fertiggaragen und vorgefertigte Unterst\u00e4nde inklusive Aufbau und Montage<\/li><li>Carports aus modernen Bauelementen, z. B. aus Holz und Beton<\/li><li>Fahrradunterst\u00e4nde und M\u00fcllbehausungen<\/li><li>Sonderkonstruktionen f\u00fcr Wohnmobile und Boote.<\/li><\/ul><p>Auch unterirdische Garagen im Zuge von Neu- und Umbauten errichten wir professionell nach Ihren W\u00fcnschen und Vorstellungen. Sie ben\u00f6tigen eine besonders hohe oder breite Garage? Auch diese erhalten Sie von uns kosteng\u00fcnstig!<br \/><br \/>Auf Wunsch planen unsere erfahrenen Experten Ihr gesamtes Projekt, setzen Fundamente, legen Ihre Terrasse an und pflastern Wege. Auch f\u00fcr die Gestaltung und wirtschaftliche Umsetzung von Randeinfassungen, Sichtschutz und Mauern stehen unsere eingespielten Fachhandwerkerteams f\u00fcr Sie bereit.<\/p>\t\t\t\t\t\t\t\t<\/div>\n\t\t\t\t<\/div>\n\t\t\t\t\t<\/div>\n\t\t<\/div>\n\t\t\t\t\t<\/div>\n\t\t<\/section>\n\t\t\t\t<section class=\"elementor-section elementor-top-section elementor-element elementor-element-6cb67f1b elementor-section-full_width elementor-section-height-default elementor-section-height-default\" data-id=\"6cb67f1b\" data-element_type=\"section\" data-e-type=\"section\">\n\t\t\t\t\t\t<div class=\"elementor-container elementor-column-gap-no\">\n\t\t\t\t\t<div class=\"elementor-column elementor-col-33 elementor-top-column elementor-element elementor-element-2a2d0d3c\" data-id=\"2a2d0d3c\" data-element_type=\"column\" data-e-type=\"column\">\n\t\t\t<div class=\"elementor-widget-wrap elementor-element-populated\">\n\t\t\t\t\t\t<div class=\"elementor-element elementor-element-52e258c6 elementor-widget elementor-widget-image\" data-id=\"52e258c6\" data-element_type=\"widget\" data-e-type=\"widget\" data-widget_type=\"image.default\">\n\t\t\t\t<div class=\"elementor-widget-container\">\n\t\t\t\t\t\t\t\t\t\t\t\t\t\t\t<img fetchpriority=\"high\" decoding=\"async\" width=\"900\" height=\"601\" src=\"https:\/\/eleganti-bauunternehmung.ch\/wp-content\/uploads\/2021\/06\/eleganti-GARAGEN-UND-UNTERSTAENDE_3.jpg\" class=\"attachment-large size-large wp-image-2360\" alt=\"\" srcset=\"https:\/\/eleganti-bauunternehmung.ch\/wp-content\/uploads\/2021\/06\/eleganti-GARAGEN-UND-UNTERSTAENDE_3.jpg 900w, https:\/\/eleganti-bauunternehmung.ch\/wp-content\/uploads\/2021\/06\/eleganti-GARAGEN-UND-UNTERSTAENDE_3-600x400.jpg 600w, https:\/\/eleganti-bauunternehmung.ch\/wp-content\/uploads\/2021\/06\/eleganti-GARAGEN-UND-UNTERSTAENDE_3-768x513.jpg 768w\" sizes=\"(max-width: 900px) 100vw, 900px\" \/>\t\t\t\t\t\t\t\t\t\t\t\t\t\t\t<\/div>\n\t\t\t\t<\/div>\n\t\t\t\t\t<\/div>\n\t\t<\/div>\n\t\t\t\t<div class=\"elementor-column elementor-col-33 elementor-top-column elementor-element elementor-element-3e808b20\" data-id=\"3e808b20\" data-element_type=\"column\" data-e-type=\"column\">\n\t\t\t<div class=\"elementor-widget-wrap elementor-element-populated\">\n\t\t\t\t\t\t<div class=\"elementor-element elementor-element-1b47e3c4 elementor-widget elementor-widget-image\" data-id=\"1b47e3c4\" data-element_type=\"widget\" data-e-type=\"widget\" data-widget_type=\"image.default\">\n\t\t\t\t<div class=\"elementor-widget-container\">\n\t\t\t\t\t\t\t\t\t\t\t\t\t\t\t<img decoding=\"async\" width=\"900\" height=\"601\" src=\"https:\/\/eleganti-bauunternehmung.ch\/wp-content\/uploads\/2021\/06\/eleganti-GARAGEN-UND-UNTERSTAENDE_2.jpg\" class=\"attachment-large size-large wp-image-2361\" alt=\"\" srcset=\"https:\/\/eleganti-bauunternehmung.ch\/wp-content\/uploads\/2021\/06\/eleganti-GARAGEN-UND-UNTERSTAENDE_2.jpg 900w, https:\/\/eleganti-bauunternehmung.ch\/wp-content\/uploads\/2021\/06\/eleganti-GARAGEN-UND-UNTERSTAENDE_2-600x400.jpg 600w, https:\/\/eleganti-bauunternehmung.ch\/wp-content\/uploads\/2021\/06\/eleganti-GARAGEN-UND-UNTERSTAENDE_2-768x513.jpg 768w\" sizes=\"(max-width: 900px) 100vw, 900px\" \/>\t\t\t\t\t\t\t\t\t\t\t\t\t\t\t<\/div>\n\t\t\t\t<\/div>\n\t\t\t\t\t<\/div>\n\t\t<\/div>\n\t\t\t\t<div class=\"elementor-column elementor-col-33 elementor-top-column elementor-element elementor-element-542e4dac\" data-id=\"542e4dac\" data-element_type=\"column\" data-e-type=\"column\">\n\t\t\t<div class=\"elementor-widget-wrap elementor-element-populated\">\n\t\t\t\t\t\t<div class=\"elementor-element elementor-element-7a9df069 elementor-widget elementor-widget-image\" data-id=\"7a9df069\" data-element_type=\"widget\" data-e-type=\"widget\" data-widget_type=\"image.default\">\n\t\t\t\t<div class=\"elementor-widget-container\">\n\t\t\t\t\t\t\t\t\t\t\t\t\t\t\t<img decoding=\"async\" width=\"900\" height=\"601\" src=\"https:\/\/eleganti-bauunternehmung.ch\/wp-content\/uploads\/2021\/06\/eleganti-GARAGEN-UND-UNTERSTAENDE_1.jpg\" class=\"attachment-large size-large wp-image-2362\" alt=\"\" srcset=\"https:\/\/eleganti-bauunternehmung.ch\/wp-content\/uploads\/2021\/06\/eleganti-GARAGEN-UND-UNTERSTAENDE_1.jpg 900w, https:\/\/eleganti-bauunternehmung.ch\/wp-content\/uploads\/2021\/06\/eleganti-GARAGEN-UND-UNTERSTAENDE_1-600x400.jpg 600w, https:\/\/eleganti-bauunternehmung.ch\/wp-content\/uploads\/2021\/06\/eleganti-GARAGEN-UND-UNTERSTAENDE_1-768x513.jpg 768w\" sizes=\"(max-width: 900px) 100vw, 900px\" \/>\t\t\t\t\t\t\t\t\t\t\t\t\t\t\t<\/div>\n\t\t\t\t<\/div>\n\t\t\t\t\t<\/div>\n\t\t<\/div>\n\t\t\t\t\t<\/div>\n\t\t<\/section>\n\t\t\t\t<section class=\"elementor-section elementor-top-section elementor-element elementor-element-608e279 elementor-section-boxed elementor-section-height-default elementor-section-height-default\" data-id=\"608e279\" data-element_type=\"section\" data-e-type=\"section\" data-settings=\"{&quot;background_background&quot;:&quot;classic&quot;}\">\n\t\t\t\t\t\t\t<div class=\"elementor-background-overlay\"><\/div>\n\t\t\t\t\t\t\t<div class=\"elementor-container elementor-column-gap-default\">\n\t\t\t\t\t<div class=\"elementor-column elementor-col-100 elementor-top-column elementor-element elementor-element-71fd77ed\" data-id=\"71fd77ed\" data-element_type=\"column\" data-e-type=\"column\">\n\t\t\t<div class=\"elementor-widget-wrap elementor-element-populated\">\n\t\t\t\t\t\t<div class=\"elementor-element elementor-element-39675ec elementor-widget elementor-widget-heading\" data-id=\"39675ec\" data-element_type=\"widget\" data-e-type=\"widget\" data-widget_type=\"heading.default\">\n\t\t\t\t<div class=\"elementor-widget-container\">\n\t\t\t\t\t<h2 class=\"elementor-heading-title elementor-size-default\">ELEGANTI erledigt f\u00fcr Sie:<\/h2>\t\t\t\t<\/div>\n\t\t\t\t<\/div>\n\t\t\t\t<div class=\"elementor-element elementor-element-2dd1ec32 elementor-widget-divider--view-line elementor-widget elementor-widget-divider\" data-id=\"2dd1ec32\" data-element_type=\"widget\" data-e-type=\"widget\" data-widget_type=\"divider.default\">\n\t\t\t\t<div class=\"elementor-widget-container\">\n\t\t\t\t\t\t\t<div class=\"elementor-divider\">\n\t\t\t<span class=\"elementor-divider-separator\">\n\t\t\t\t\t\t<\/span>\n\t\t<\/div>\n\t\t\t\t\t\t<\/div>\n\t\t\t\t<\/div>\n\t\t\t\t<div class=\"elementor-element elementor-element-6a8ad0a8 elementor-widget elementor-widget-text-editor\" data-id=\"6a8ad0a8\" data-element_type=\"widget\" data-e-type=\"widget\" data-widget_type=\"text-editor.default\">\n\t\t\t\t<div class=\"elementor-widget-container\">\n\t\t\t\t\t\t\t\t\t<ul><li>Umfassende Beratung<\/li><li>Entw\u00fcrfe<\/li><li>Eingabeplanung<\/li><li>Gestaltungsoptionen<\/li><li>Fach- und zeitgerechte Umsetzung.<\/li><\/ul><p>Bei allen Arbeiten achten wir auf h\u00f6chste Qualit\u00e4t. Zudem legen unsere Planer gr\u00f6ssten Wert darauf, dass Ihre neuen Garagen und Unterst\u00e4nde im Zusammenspiel mit dem Baubestand und der Umgebung ein stimmiges Gesamtbild ergeben. So lassen sich die Dachneigung, die Eindeckung und die Farbgestaltung harmonisch an Ihre Liegenschaft anpassen.<br \/><br \/>Sie haben Fragen oder w\u00fcnschen sich einen pers\u00f6nlichen Vor-Ort-Termin? Bitte nehmen Sie telefonisch oder online Kontakt mit der ELEGANTI Bauunternehmung AG auf. Wir freuen uns auf Sie!<\/p>\t\t\t\t\t\t\t\t<\/div>\n\t\t\t\t<\/div>\n\t\t\t\t\t<\/div>\n\t\t<\/div>\n\t\t\t\t\t<\/div>\n\t\t<\/section>\n\t\t\t\t<\/div>\n\t\t","protected":false},"excerpt":{"rendered":"<p>GARAGEN &#8211; UND UNTERST\u00c4NDE Sie ben\u00f6tigen eine Garage f\u00fcr Ihr privates Haus oder haben ein gr\u00f6sseres Grundst\u00fcck, das Sie mit mehreren Garagen und Unterst\u00e4nden bebauen m\u00f6chten, um die Nachfrage nach&#8230;<\/p>\n","protected":false},"author":7,"featured_media":0,"parent":0,"menu_order":3,"comment_status":"closed","ping_status":"closed","template":"elementor_header_footer","meta":{"inline_featured_image":false,"footnotes":""},"class_list":["post-1269","page","type-page","status-publish"],"yoast_head":"<!-- This site is optimized with the Yoast SEO plugin v27.5 - https:\/\/yoast.com\/product\/yoast-seo-wordpress\/ -->\n<title>GARAGEN - UND UNTERST\u00c4NDE\u200b - Die Luzerner Bauunternehmung AG<\/title>\n<meta name=\"description\" content=\"GARAGEN - UND UNTERST\u00c4NDE\u200b; Sie ben\u00f6tigen eine Garage f\u00fcr Ihr privates Haus oder haben ein gr\u00f6sseres Grundst\u00fcck, das Sie mit mehreren ...\" \/>\n<meta name=\"robots\" content=\"index, follow, max-snippet:-1, max-image-preview:large, max-video-preview:-1\" \/>\n<link rel=\"canonical\" href=\"https:\/\/eleganti-bauunternehmung.ch\/?page_id=1269\" \/>\n<meta property=\"og:locale\" content=\"de_DE\" \/>\n<meta property=\"og:type\" content=\"article\" \/>\n<meta property=\"og:title\" content=\"GARAGEN - UND UNTERST\u00c4NDE\u200b - Die Luzerner Bauunternehmung AG\" \/>\n<meta property=\"og:description\" content=\"GARAGEN - UND UNTERST\u00c4NDE\u200b; Sie ben\u00f6tigen eine Garage f\u00fcr Ihr privates Haus oder haben ein gr\u00f6sseres Grundst\u00fcck, das Sie mit mehreren ...\" \/>\n<meta property=\"og:url\" content=\"https:\/\/eleganti-bauunternehmung.ch\/?page_id=1269\" \/>\n<meta property=\"og:site_name\" content=\"ELEGANTI Bauunternehmung AG\" \/>\n<meta property=\"article:modified_time\" content=\"2021-08-30T11:59:15+00:00\" \/>\n<meta property=\"og:image\" content=\"https:\/\/eleganti-bauunternehmung.ch\/wp-content\/uploads\/2021\/06\/eleganti-GARAGEN-UND-UNTERSTAENDE_3.jpg\" \/>\n<meta name=\"twitter:card\" content=\"summary_large_image\" \/>\n<meta name=\"twitter:label1\" content=\"Gesch\u00e4tzte Lesezeit\" \/>\n\t<meta name=\"twitter:data1\" content=\"3\u00a0Minuten\" \/>\n<script type=\"application\/ld+json\" class=\"yoast-schema-graph\">{\"@context\":\"https:\\\/\\\/schema.org\",\"@graph\":[{\"@type\":\"WebPage\",\"@id\":\"https:\\\/\\\/eleganti-bauunternehmung.ch\\\/?page_id=1269\",\"url\":\"https:\\\/\\\/eleganti-bauunternehmung.ch\\\/?page_id=1269\",\"name\":\"GARAGEN - UND UNTERST\u00c4NDE\u200b - Die Luzerner Bauunternehmung AG\",\"isPartOf\":{\"@id\":\"https:\\\/\\\/eleganti-bauunternehmung.ch\\\/#website\"},\"primaryImageOfPage\":{\"@id\":\"https:\\\/\\\/eleganti-bauunternehmung.ch\\\/?page_id=1269#primaryimage\"},\"image\":{\"@id\":\"https:\\\/\\\/eleganti-bauunternehmung.ch\\\/?page_id=1269#primaryimage\"},\"thumbnailUrl\":\"https:\\\/\\\/eleganti-bauunternehmung.ch\\\/wp-content\\\/uploads\\\/2021\\\/06\\\/eleganti-GARAGEN-UND-UNTERSTAENDE_3.jpg\",\"datePublished\":\"2021-06-11T11:11:52+00:00\",\"dateModified\":\"2021-08-30T11:59:15+00:00\",\"description\":\"GARAGEN - UND UNTERST\u00c4NDE\u200b; Sie ben\u00f6tigen eine Garage f\u00fcr Ihr privates Haus oder haben ein gr\u00f6sseres Grundst\u00fcck, das Sie mit mehreren ...\",\"breadcrumb\":{\"@id\":\"https:\\\/\\\/eleganti-bauunternehmung.ch\\\/?page_id=1269#breadcrumb\"},\"inLanguage\":\"de\",\"potentialAction\":[{\"@type\":\"ReadAction\",\"target\":[\"https:\\\/\\\/eleganti-bauunternehmung.ch\\\/?page_id=1269\"]}]},{\"@type\":\"ImageObject\",\"inLanguage\":\"de\",\"@id\":\"https:\\\/\\\/eleganti-bauunternehmung.ch\\\/?page_id=1269#primaryimage\",\"url\":\"https:\\\/\\\/eleganti-bauunternehmung.ch\\\/wp-content\\\/uploads\\\/2021\\\/06\\\/eleganti-GARAGEN-UND-UNTERSTAENDE_3.jpg\",\"contentUrl\":\"https:\\\/\\\/eleganti-bauunternehmung.ch\\\/wp-content\\\/uploads\\\/2021\\\/06\\\/eleganti-GARAGEN-UND-UNTERSTAENDE_3.jpg\",\"width\":900,\"height\":601},{\"@type\":\"BreadcrumbList\",\"@id\":\"https:\\\/\\\/eleganti-bauunternehmung.ch\\\/?page_id=1269#breadcrumb\",\"itemListElement\":[{\"@type\":\"ListItem\",\"position\":1,\"name\":\"Startseite\",\"item\":\"https:\\\/\\\/eleganti-bauunternehmung.ch\\\/\"},{\"@type\":\"ListItem\",\"position\":2,\"name\":\"GARAGEN &#8211; UND UNTERST\u00c4NDE\"}]},{\"@type\":\"WebSite\",\"@id\":\"https:\\\/\\\/eleganti-bauunternehmung.ch\\\/#website\",\"url\":\"https:\\\/\\\/eleganti-bauunternehmung.ch\\\/\",\"name\":\"ELEGANTI Bauunternehmung AG\",\"description\":\"www.eleganti-bauunternehmung.ch\",\"publisher\":{\"@id\":\"https:\\\/\\\/eleganti-bauunternehmung.ch\\\/#organization\"},\"potentialAction\":[{\"@type\":\"SearchAction\",\"target\":{\"@type\":\"EntryPoint\",\"urlTemplate\":\"https:\\\/\\\/eleganti-bauunternehmung.ch\\\/?s={search_term_string}\"},\"query-input\":{\"@type\":\"PropertyValueSpecification\",\"valueRequired\":true,\"valueName\":\"search_term_string\"}}],\"inLanguage\":\"de\"},{\"@type\":\"Organization\",\"@id\":\"https:\\\/\\\/eleganti-bauunternehmung.ch\\\/#organization\",\"name\":\"Webseite Name\",\"url\":\"https:\\\/\\\/eleganti-bauunternehmung.ch\\\/\",\"logo\":{\"@type\":\"ImageObject\",\"inLanguage\":\"de\",\"@id\":\"https:\\\/\\\/eleganti-bauunternehmung.ch\\\/#\\\/schema\\\/logo\\\/image\\\/\",\"url\":\"\",\"contentUrl\":\"\",\"caption\":\"Webseite Name\"},\"image\":{\"@id\":\"https:\\\/\\\/eleganti-bauunternehmung.ch\\\/#\\\/schema\\\/logo\\\/image\\\/\"}}]}<\/script>\n<!-- \/ Yoast SEO plugin. -->","yoast_head_json":{"title":"GARAGEN - UND UNTERST\u00c4NDE\u200b - Die Luzerner Bauunternehmung AG","description":"GARAGEN - UND UNTERST\u00c4NDE\u200b; Sie ben\u00f6tigen eine Garage f\u00fcr Ihr privates Haus oder haben ein gr\u00f6sseres Grundst\u00fcck, das Sie mit mehreren ...","robots":{"index":"index","follow":"follow","max-snippet":"max-snippet:-1","max-image-preview":"max-image-preview:large","max-video-preview":"max-video-preview:-1"},"canonical":"https:\/\/eleganti-bauunternehmung.ch\/?page_id=1269","og_locale":"de_DE","og_type":"article","og_title":"GARAGEN - UND UNTERST\u00c4NDE\u200b - Die Luzerner Bauunternehmung AG","og_description":"GARAGEN - UND UNTERST\u00c4NDE\u200b; Sie ben\u00f6tigen eine Garage f\u00fcr Ihr privates Haus oder haben ein gr\u00f6sseres Grundst\u00fcck, das Sie mit mehreren ...","og_url":"https:\/\/eleganti-bauunternehmung.ch\/?page_id=1269","og_site_name":"ELEGANTI Bauunternehmung AG","article_modified_time":"2021-08-30T11:59:15+00:00","og_image":[{"url":"https:\/\/eleganti-bauunternehmung.ch\/wp-content\/uploads\/2021\/06\/eleganti-GARAGEN-UND-UNTERSTAENDE_3.jpg","type":"","width":"","height":""}],"twitter_card":"summary_large_image","twitter_misc":{"Gesch\u00e4tzte Lesezeit":"3\u00a0Minuten"},"schema":{"@context":"https:\/\/schema.org","@graph":[{"@type":"WebPage","@id":"https:\/\/eleganti-bauunternehmung.ch\/?page_id=1269","url":"https:\/\/eleganti-bauunternehmung.ch\/?page_id=1269","name":"GARAGEN - UND UNTERST\u00c4NDE\u200b - Die Luzerner Bauunternehmung AG","isPartOf":{"@id":"https:\/\/eleganti-bauunternehmung.ch\/#website"},"primaryImageOfPage":{"@id":"https:\/\/eleganti-bauunternehmung.ch\/?page_id=1269#primaryimage"},"image":{"@id":"https:\/\/eleganti-bauunternehmung.ch\/?page_id=1269#primaryimage"},"thumbnailUrl":"https:\/\/eleganti-bauunternehmung.ch\/wp-content\/uploads\/2021\/06\/eleganti-GARAGEN-UND-UNTERSTAENDE_3.jpg","datePublished":"2021-06-11T11:11:52+00:00","dateModified":"2021-08-30T11:59:15+00:00","description":"GARAGEN - UND UNTERST\u00c4NDE\u200b; Sie ben\u00f6tigen eine Garage f\u00fcr Ihr privates Haus oder haben ein gr\u00f6sseres Grundst\u00fcck, das Sie mit mehreren ...","breadcrumb":{"@id":"https:\/\/eleganti-bauunternehmung.ch\/?page_id=1269#breadcrumb"},"inLanguage":"de","potentialAction":[{"@type":"ReadAction","target":["https:\/\/eleganti-bauunternehmung.ch\/?page_id=1269"]}]},{"@type":"ImageObject","inLanguage":"de","@id":"https:\/\/eleganti-bauunternehmung.ch\/?page_id=1269#primaryimage","url":"https:\/\/eleganti-bauunternehmung.ch\/wp-content\/uploads\/2021\/06\/eleganti-GARAGEN-UND-UNTERSTAENDE_3.jpg","contentUrl":"https:\/\/eleganti-bauunternehmung.ch\/wp-content\/uploads\/2021\/06\/eleganti-GARAGEN-UND-UNTERSTAENDE_3.jpg","width":900,"height":601},{"@type":"BreadcrumbList","@id":"https:\/\/eleganti-bauunternehmung.ch\/?page_id=1269#breadcrumb","itemListElement":[{"@type":"ListItem","position":1,"name":"Startseite","item":"https:\/\/eleganti-bauunternehmung.ch\/"},{"@type":"ListItem","position":2,"name":"GARAGEN &#8211; UND UNTERST\u00c4NDE"}]},{"@type":"WebSite","@id":"https:\/\/eleganti-bauunternehmung.ch\/#website","url":"https:\/\/eleganti-bauunternehmung.ch\/","name":"ELEGANTI Bauunternehmung AG","description":"www.eleganti-bauunternehmung.ch","publisher":{"@id":"https:\/\/eleganti-bauunternehmung.ch\/#organization"},"potentialAction":[{"@type":"SearchAction","target":{"@type":"EntryPoint","urlTemplate":"https:\/\/eleganti-bauunternehmung.ch\/?s={search_term_string}"},"query-input":{"@type":"PropertyValueSpecification","valueRequired":true,"valueName":"search_term_string"}}],"inLanguage":"de"},{"@type":"Organization","@id":"https:\/\/eleganti-bauunternehmung.ch\/#organization","name":"Webseite Name","url":"https:\/\/eleganti-bauunternehmung.ch\/","logo":{"@type":"ImageObject","inLanguage":"de","@id":"https:\/\/eleganti-bauunternehmung.ch\/#\/schema\/logo\/image\/","url":"","contentUrl":"","caption":"Webseite Name"},"image":{"@id":"https:\/\/eleganti-bauunternehmung.ch\/#\/schema\/logo\/image\/"}}]}},"_links":{"self":[{"href":"https:\/\/eleganti-bauunternehmung.ch\/index.php?rest_route=\/wp\/v2\/pages\/1269","targetHints":{"allow":["GET"]}}],"collection":[{"href":"https:\/\/eleganti-bauunternehmung.ch\/index.php?rest_route=\/wp\/v2\/pages"}],"about":[{"href":"https:\/\/eleganti-bauunternehmung.ch\/index.php?rest_route=\/wp\/v2\/types\/page"}],"author":[{"embeddable":true,"href":"https:\/\/eleganti-bauunternehmung.ch\/index.php?rest_route=\/wp\/v2\/users\/7"}],"replies":[{"embeddable":true,"href":"https:\/\/eleganti-bauunternehmung.ch\/index.php?rest_route=%2Fwp%2Fv2%2Fcomments&post=1269"}],"version-history":[{"count":3,"href":"https:\/\/eleganti-bauunternehmung.ch\/index.php?rest_route=\/wp\/v2\/pages\/1269\/revisions"}],"predecessor-version":[{"id":2943,"href":"https:\/\/eleganti-bauunternehmung.ch\/index.php?rest_route=\/wp\/v2\/pages\/1269\/revisions\/2943"}],"wp:attachment":[{"href":"https:\/\/eleganti-bauunternehmung.ch\/index.php?rest_route=%2Fwp%2Fv2%2Fmedia&parent=1269"}],"curies":[{"name":"wp","href":"https:\/\/api.w.org\/{rel}","templated":true}]}}